{"id":2209,"date":"2023-01-11T15:15:56","date_gmt":"2023-01-11T14:15:56","guid":{"rendered":"https:\/\/farnaherrgard.se\/spa\/day-spa\/"},"modified":"2025-11-17T08:01:55","modified_gmt":"2025-11-17T07:01:55","slug":"day-spa","status":"publish","type":"page","link":"https:\/\/farnaherrgard.se\/en\/spa\/day-spa\/","title":{"rendered":"Day spa"},"content":{"rendered":"\n\n  <div class=\"banner has-hover subpage-title\" id=\"banner-1601963602\">\n          <div class=\"banner-inner fill\">\n        <div class=\"banner-bg fill\" >\n            <img loading=\"lazy\" decoding=\"async\" width=\"1920\" height=\"1280\" src=\"https:\/\/farnaherrgard.se\/wp-content\/uploads\/2023\/01\/dagspa.webp\" class=\"bg attachment-original size-original\" alt=\"\" \/>                        <div class=\"overlay\"><\/div>            \n                    <\/div>\n\t\t\n        <div class=\"banner-layers container\">\n            <div class=\"fill banner-link\"><\/div>            \n\n   <div id=\"text-box-1783179262\" class=\"text-box banner-layer x0 md-x0 lg-x0 y80 md-y80 lg-y80 res-text\">\n                     <div data-animate=\"fadeInUp\">           <div class=\"text-box-content text dark\">\n              \n              <div class=\"text-inner text-left\">\n                  \n\n<h1>V\u00e5ra Dagspa<\/h1>\n<p>\u00a0<\/p>\n<p>\u00a0<\/p>\n\n              <\/div>\n           <\/div>\n       <\/div>                     \n<style>\n#text-box-1783179262 {\n  margin: 0px 0px 0px 15px;\n  width: 40%;\n}\n#text-box-1783179262 .text-box-content {\n  font-size: 100%;\n}\n<\/style>\n    <\/div>\n \n\n        <\/div>\n      <\/div>\n\n            \n<style>\n#banner-1601963602 {\n  padding-top: 50vh;\n}\n#banner-1601963602 .overlay {\n  background-color: rgba(0, 0, 0, 0.105);\n}\n#banner-1601963602 .banner-bg img {\n  object-position: 1% 33%;\n}\n<\/style>\n  <\/div>\n\n\n\n\t<section class=\"section col-section jernstampel-gul\" id=\"section_535787100\">\n\t\t<div class=\"section-bg fill\" >\n\t\t\t\t\t\t\t\t\t\n\t\t\t\n\n\t\t<\/div>\n\n\t\t\n\n\t\t<div class=\"section-content relative\">\n\t\t\t\n\n<div class=\"row align-middle\"  id=\"row-790850741\">\n\n\n\t<div id=\"col-40427019\" class=\"col medium-12 small-12 large-8\"  data-animate=\"fadeInLeft\">\n\t\t\t\t<div class=\"col-inner\"  >\n\t\t\t\n\t\t\t\n\n\t<div id=\"text-1267120251\" class=\"text\">\n\t\t\n\n<h3 class=\"intro\">I v\u00e5rt Spa erbjuder vi flera olika paket f\u00f6r dig som vill komma och njuta av v\u00e5rt spa \u00f6ver dagen.<\/h3>\n\t\t\n<style>\n#text-1267120251 {\n  color: rgb(255, 255, 255);\n}\n#text-1267120251 > * {\n  color: rgb(255, 255, 255);\n}\n<\/style>\n\t<\/div>\n\t\n<div class=\"row\"  id=\"row-1197147113\">\n\n\n\t<div id=\"col-1613018357\" class=\"col medium-8 small-12 large-8\"  >\n\t\t\t\t<div class=\"col-inner\"  >\n\t\t\t\n\t\t\t\n\n\t<div id=\"text-16836604\" class=\"text\">\n\t\t\n\n<p>V\u00e5ra olika dagspa-paket inneh\u00e5ller ingen \u00f6vernattning, ger dig \u00e4nd\u00e5 m\u00f6jlighet att b\u00e5de njuta p\u00e5 F\u00e4rna Spa och av en smakupplevelse i v\u00e5r restaurang.\u00a0<\/p>\n<p>Du finner v\u00e5ra dagspa h\u00e4r nedanf\u00f6r och skickar sedan in din f\u00f6rfr\u00e5gan genom att fylla i kommentarsf\u00e4lten l\u00e4ngst ner p\u00e5 sidan s\u00e5 \u00e5terkopplar vi s\u00e5 snart vi kan.<\/p>\n<p><strong>OBS! V\u00e5r Spasvit<span class=\"text-sm-e sm:text-base\">\u00a0renoveras<\/span> just nu och g\u00e5r ej att boka f\u00f6rr\u00e4n tidigast i b\u00f6rjan av 2026, inga Duo behandlingar och vissa Dagspa g\u00e5r ej att boka under den tiden. V\u00e5r Spa avdelning och gym \u00e4r \u00f6ppen som vanligt.<\/strong><\/p>\n<p><strong>F\u00e4rna Herrg\u00e5rd ligger bel\u00e4get enkel resa fr\u00e5n<\/strong><strong>:<\/strong><\/p>\n<p>V\u00e4ster\u00e5s 54 km<br \/>Eskilstuna 79 km<br \/>\u00d6rebro 90 km<br \/>Borl\u00e4nge 100 km<br \/>Uppsala 130 km<br \/>Stockholm 160 km<\/p>\n\t\t\n<style>\n#text-16836604 {\n  color: rgb(255, 255, 255);\n}\n#text-16836604 > * {\n  color: rgb(255, 255, 255);\n}\n<\/style>\n\t<\/div>\n\t\n<a href=\"#bokning\" class=\"button primary farna-btn hidden\" >\n\t\t<span>Nedan dagspa skickas p\u00e5 f\u00f6rfr\u00e5gan i formul\u00e4ret l\u00e4ngst ner p\u00e5 sidan<\/span>\n\t<\/a>\n\n\n\n\t\t<\/div>\n\t\t\t\t\t<\/div>\n\n\t\n\n<\/div>\n\n\t\t<\/div>\n\t\t\t\t\t<\/div>\n\n\t\n\n\t<div id=\"col-1037668574\" class=\"col hide-for-small medium-12 small-12 large-4\"  data-animate=\"fadeInRight\">\n\t\t\t\t<div class=\"col-inner\"  >\n\t\t\t\n\t\t\t\n\n\n  <div class=\"banner has-hover\" id=\"banner-524532053\">\n          <div class=\"banner-inner fill\">\n        <div class=\"banner-bg fill\" >\n                                                \n                    <\/div>\n\t\t\n        <div class=\"banner-layers container\">\n            <div class=\"fill banner-link\"><\/div>            \n\n\t<div class=\"img has-hover x100 md-x100 lg-x100 y0 md-y0 lg-y0\" id=\"image_96223188\">\n\t\t\t\t\t\t\t\t<div class=\"img-inner image-cover dark\" style=\"padding-top:110%;\">\n\t\t\t<img loading=\"lazy\" decoding=\"async\" width=\"800\" height=\"622\" src=\"https:\/\/farnaherrgard.se\/wp-content\/uploads\/2023\/01\/kompisspa_1.jpeg\" class=\"attachment-original size-original\" alt=\"\" srcset=\"https:\/\/farnaherrgard.se\/wp-content\/uploads\/2023\/01\/kompisspa_1.jpeg 800w, https:\/\/farnaherrgard.se\/wp-content\/uploads\/2023\/01\/kompisspa_1-300x233.jpeg 300w, https:\/\/farnaherrgard.se\/wp-content\/uploads\/2023\/01\/kompisspa_1-768x597.jpeg 768w\" sizes=\"auto, (max-width: 800px) 100vw, 800px\" \/>\t\t\t\t\t\t\n\t\t\t\t\t<\/div>\n\t\t\t\t\t\t\t\t\n<style>\n#image_96223188 {\n  width: 60%;\n}\n@media (min-width:850px) {\n  #image_96223188 {\n    width: 75%;\n  }\n}\n<\/style>\n\t<\/div>\n\t\n\n\t<div class=\"img has-hover hidden x0 md-x0 lg-x0 y95 md-y100 lg-y100\" id=\"image_381886113\">\n\t\t\t\t\t\t\t\t<div class=\"img-inner image-cover dark\" style=\"padding-top:100%;\">\n\t\t\t<img loading=\"lazy\" decoding=\"async\" width=\"1200\" height=\"1600\" src=\"https:\/\/farnaherrgard.se\/wp-content\/uploads\/2023\/01\/varmekallan.webp\" class=\"attachment-original size-original\" alt=\"\" srcset=\"https:\/\/farnaherrgard.se\/wp-content\/uploads\/2023\/01\/varmekallan.webp 1200w, https:\/\/farnaherrgard.se\/wp-content\/uploads\/2023\/01\/varmekallan-225x300.webp 225w, https:\/\/farnaherrgard.se\/wp-content\/uploads\/2023\/01\/varmekallan-768x1024.webp 768w, https:\/\/farnaherrgard.se\/wp-content\/uploads\/2023\/01\/varmekallan-1152x1536.webp 1152w\" sizes=\"auto, (max-width: 1200px) 100vw, 1200px\" \/>\t\t\t\t\t\t\n\t\t\t\t\t<\/div>\n\t\t\t\t\t\t\t\t\n<style>\n#image_381886113 {\n  width: 60%;\n}\n@media (min-width:850px) {\n  #image_381886113 {\n    width: 60%;\n  }\n}\n<\/style>\n\t<\/div>\n\t\n\n\n        <\/div>\n      <\/div>\n\n            \n<style>\n#banner-524532053 {\n  padding-top: 67%;\n  background-color: rgba(255, 255, 255, 0);\n}\n@media (min-width:550px) {\n  #banner-524532053 {\n    padding-top: 400px;\n  }\n}\n<\/style>\n  <\/div>\n\n\n\n\t\t<\/div>\n\t\t\t\t\t<\/div>\n\n\t\n\n<\/div>\n\n\t\t<\/div>\n\n\t\t\n<style>\n#section_535787100 {\n  padding-top: 0px;\n  padding-bottom: 0px;\n  background-color: rgb(93, 115, 116);\n}\n<\/style>\n\t<\/section>\n\t\n\n\t<section class=\"section col-section jernstampel dark\" id=\"section_1092752075\">\n\t\t<div class=\"section-bg fill\" >\n\t\t\t\t\t\t\t\t\t\n\t\t\t\n\n\t\t<\/div>\n\n\t\t\n\n\t\t<div class=\"section-content relative\">\n\t\t\t\n\n<div class=\"row align-equal\"  id=\"row-1126876600\">\n\n\n\t<div id=\"col-1083070987\" class=\"col medium-4 small-12 large-4\"  >\n\t\t\t\t<div class=\"col-inner\" style=\"background-color:#013739;\" >\n\t\t\t\n\t\t\t\n\n\t<div id=\"text-186534273\" class=\"text\">\n\t\t\n\n<h3>F\u00f6r v\u00e5ra dagspag\u00e4ster ing\u00e5r:<\/h3>\n<ul>\n<li>Spaentr\u00e9 halvdag, fm el. em<\/li>\n<li>Inomhuspool<\/li>\n<li>Gym<\/li>\n<li>Aromabastu<\/li>\n<li>Infrabastu<\/li>\n<li>Torrbastu<\/li>\n<li>Varm k\u00e4lla under bar himmel<\/li>\n<li>L\u00e5n av badrock, handduk och tofflor<\/li>\n<li>F\u00e4rsk frukt<\/li>\n<li>Trevlig och kunnig spa personal<\/li>\n<\/ul>\n\t\t\n<style>\n#text-186534273 {\n  color: rgb(255, 255, 255);\n}\n#text-186534273 > * {\n  color: rgb(255, 255, 255);\n}\n<\/style>\n\t<\/div>\n\t\n\n\t\t<\/div>\n\t\t\t\t\n<style>\n#col-1083070987 > .col-inner {\n  padding: 5% 5% 5% 5%;\n}\n<\/style>\n\t<\/div>\n\n\t\n\n\t<div id=\"col-402618012\" class=\"col medium-4 small-12 large-4\"  >\n\t\t\t\t<div class=\"col-inner\" style=\"background-color:rgb(93, 115, 116);\" >\n\t\t\t\n\t\t\t\n\n<h3>Spaentr\u00e9<\/h3>\n<p>M\u00e5ndag &#8211; torsdag 350 kr\/vuxen<br \/>Fredag &#8211; s\u00f6ndag samt helgdagar 550 kr\/vuxen\u00a0\u00a0<\/p>\n<p>Tisdag\u00a0 &#8211;\u00a0 l\u00f6rdag f\u00f6rmiddag 09:00 &#8211; 12:30\u00a0<br \/>M\u00e5ndag &#8211; l\u00f6rdag eftermiddag 12:30 &#8211; 16:00<\/p>\n<p>S\u00f6ndag 09:00-14:00<\/p>\n<p><strong>Barn \u00e4r v\u00e4lkomna under f\u00f6ljande tider:<\/strong><\/p>\n<p>Barn under 13 \u00e5r 175 kr\/barn<\/p>\n<p>Tisdag &#8211; torsdag 09:00-11:30<\/p>\n<p>Barn under 13 \u00e5r 275 kr\/barn<\/p>\n<p>Fredag &#8211; s\u00f6ndag 09:00-11:30<\/p>\n<p>\u00a0<\/p>\n<p style=\"text-align: center;\"><strong><a href=\"https:\/\/online.bookvisit.com\/extras?channelId=8425ae22-eef7-419d-9f49-3aa935ffec22&amp;category=Se+alla+kategorier\" target=\"_blank\" rel=\"noopener\">BOKA SPAENTR\u00c9 H\u00c4R<\/a><\/strong><\/p>\n\n\t\t<\/div>\n\t\t\t\t\n<style>\n#col-402618012 > .col-inner {\n  padding: 5% 5% 5% 5%;\n}\n<\/style>\n\t<\/div>\n\n\t\n\n\t<div id=\"col-1762471205\" class=\"col medium-4 small-12 large-4\"  >\n\t\t\t\t<div class=\"col-inner\" style=\"background-color:rgb(1, 55, 57);\" >\n\t\t\t\n\t\t\t\n\n\t<div id=\"text-3534093008\" class=\"text\">\n\t\t\n\n<h4>Alla tillval nedan m\u00e5ste f\u00f6rbokas innan ankomst:<\/h4>\n<p>Frukostbuff\u00e9\u00a0 \u00a0 \u00a0 \u00a0 \u00a0 \u00a0 \u00a0 \u00a0 \u00a0 \u00a0 \u00a0 \u00a0 \u00a0 \u00a0 \u00a0 \u00a0295 kr\/pp<\/p>\n<p>Spasm\u00f6rg\u00e5s\u00a0 \u00a0 \u00a0 \u00a0 \u00a0 \u00a0 \u00a0 \u00a0 \u00a0 \u00a0 \u00a0 \u00a0 \u00a0 \u00a0 \u00a0 115 kr\/st<\/p>\n<p><em>(KRAV-Salami fr\u00e5n Gotlands korvfabrik, Vitm\u00f6gelost Linnea)<\/em><\/p>\n<p>Chark &amp; snacksbricka fr\u00e5n v\u00e5ra n\u00e4ra b\u00f6nder \u00a0 \u00a0 \u00a0250 kr\/pp<\/p>\n<p><em>(Utvalda ostar, chark, pickles fr\u00e5n F\u00e4rna, surdegsbr\u00f6d)<\/em><\/p>\n<p>Bes\u00f6k g\u00e4rna v\u00e5r spabar d\u00e4r vi erbjuder ett trevligt utbud av bakverk fr\u00e5n v\u00e5rt bageri, dryck och snacks!<\/p>\n\t\t\n<style>\n#text-3534093008 {\n  color: rgb(255, 255, 255);\n}\n#text-3534093008 > * {\n  color: rgb(255, 255, 255);\n}\n<\/style>\n\t<\/div>\n\t\n\n\t\t<\/div>\n\t\t\t\t\n<style>\n#col-1762471205 > .col-inner {\n  padding: 5% 5% 5% 5%;\n}\n<\/style>\n\t<\/div>\n\n\t\n\n\n<style>\n#row-1126876600 > .col > .col-inner {\n  background-color: rgb(255, 255, 255);\n}\n<\/style>\n<\/div>\n<div class=\"row align-equal\"  id=\"row-1376244741\">\n\n\n\t<div id=\"col-1310409123\" class=\"col medium-4 small-12 large-4\"  >\n\t\t\t\t<div class=\"col-inner\"  >\n\t\t\t\n\t\t\t\n\n\t<div id=\"text-3184905413\" class=\"text\">\n\t\t\n\n<h3 style=\"text-align: center;\">Kv\u00e4llspa Nyhet!<\/h3>\n<p style=\"text-align: center;\">L\u00e5t l\u00f6rdagskv\u00e4llen bli n\u00e5got alldeles extra. V\u00e4lkommen till en kv\u00e4ll i v\u00e5rt spa \u2013 en upplevelse d\u00e4r njutning, stillhet och smak m\u00f6ts i herrg\u00e5rdsmilj\u00f6.<\/p>\n<p style=\"text-align: center;\">Spaentr\u00e9 med tillg\u00e5ng till bastu, pool och relax<\/p>\n<p style=\"text-align: center;\">V\u00e5r omtyckta charkbricka med smakfulla godsaker<\/p>\n<p style=\"text-align: center;\">L\u00e5n av badrock, handduk och tofflor<\/p>\n<p style=\"text-align: center;\"><strong>Tid:<\/strong> L\u00f6rdagar kl. 18.30\u201322.00<\/p>\n<p style=\"text-align: center;\"><strong>Pris:<\/strong> 695 kr per person<\/p>\n<p style=\"text-align: center;\">V\u00e4nligen s\u00e4nd in din boknings f\u00f6rfr\u00e5gan i formul\u00e4ret l\u00e4ngre ner p\u00e5 denna sida.<\/p>\n<p><img loading=\"lazy\" decoding=\"async\" class=\"wp-image-433 size-medium aligncenter\" src=\"http:\/\/farnaherrgard.se\/wp-content\/uploads\/2023\/01\/spa-header-1-300x200.webp\" alt=\"\" width=\"300\" height=\"200\" srcset=\"https:\/\/farnaherrgard.se\/wp-content\/uploads\/2023\/01\/spa-header-1-300x200.webp 300w, https:\/\/farnaherrgard.se\/wp-content\/uploads\/2023\/01\/spa-header-1-1024x682.webp 1024w, https:\/\/farnaherrgard.se\/wp-content\/uploads\/2023\/01\/spa-header-1-768x512.webp 768w, https:\/\/farnaherrgard.se\/wp-content\/uploads\/2023\/01\/spa-header-1-1536x1024.webp 1536w, https:\/\/farnaherrgard.se\/wp-content\/uploads\/2023\/01\/spa-header-1.webp 2000w\" sizes=\"auto, (max-width: 300px) 100vw, 300px\" \/><\/p>\n<p>\u00a0<\/p>\n\t\t\n<style>\n#text-3184905413 {\n  text-align: center;\n  color: rgb(0, 0, 0);\n}\n#text-3184905413 > * {\n  color: rgb(0, 0, 0);\n}\n<\/style>\n\t<\/div>\n\t\n\n\t\t<\/div>\n\t\t\t\t\n<style>\n#col-1310409123 > .col-inner {\n  padding: 5% 5% 5% 5%;\n}\n<\/style>\n\t<\/div>\n\n\t\n\n\t<div id=\"col-654592574\" class=\"col medium-4 small-12 large-4\"  >\n\t\t\t\t<div class=\"col-inner\"  >\n\t\t\t\n\t\t\t\n\n\t<div id=\"text-3913491096\" class=\"text\">\n\t\t\n\n<h3 style=\"text-align: center;\">Hydrotex vattentr\u00e4ning nyhet!\u00a0<\/h3>\n<p style=\"text-align: center;\"><strong>Hydrohex \u2013 Digital vattentr\u00e4ning i v\u00e5rt spa<\/strong><\/p>\n<p style=\"text-align: center;\">Uppt\u00e4ck Hydrohex \u2013 ett innovativt tr\u00e4ningssystem d\u00e4r du enkelt f\u00f6ljer coachade vattentr\u00e4ningspass via sk\u00e4rm direkt i poolen. V\u00e4lj mellan flera program f\u00f6r styrka, r\u00f6rlighet och kondition \u2013 n\u00e4r det passar dig. Tr\u00e4ningen \u00e4r skonsam, effektiv och passar alla niv\u00e5er. Perfekt f\u00f6r dig som vill kombinera v\u00e4lm\u00e5ende, r\u00f6relse och avkoppling under din vistelse hos oss.<\/p>\n<p style=\"text-align: center;\"><strong>L\u00e4s mer h\u00e4r:\u00a0<a href=\"https:\/\/farnaherrgard.se\/aktiviteter\/virtuell-vattentraning-nyhet\/\">Vattentr\u00e4ning med Hydrohex<\/a><\/strong><\/p>\n<p>\u00a0<\/p>\n<p style=\"text-align: center;\"><img loading=\"lazy\" decoding=\"async\" class=\"alignnone wp-image-4524 size-medium\" src=\"https:\/\/farnaherrgard.se\/wp-content\/uploads\/2023\/01\/hydro5-vattenjympa-225x300.jpg\" alt=\"\" width=\"225\" height=\"300\" srcset=\"https:\/\/farnaherrgard.se\/wp-content\/uploads\/2023\/01\/hydro5-vattenjympa-225x300.jpg 225w, https:\/\/farnaherrgard.se\/wp-content\/uploads\/2023\/01\/hydro5-vattenjympa-768x1024.jpg 768w, https:\/\/farnaherrgard.se\/wp-content\/uploads\/2023\/01\/hydro5-vattenjympa-1152x1536.jpg 1152w, https:\/\/farnaherrgard.se\/wp-content\/uploads\/2023\/01\/hydro5-vattenjympa.jpg 1440w\" sizes=\"auto, (max-width: 225px) 100vw, 225px\" \/><\/p>\n\t\t\n<style>\n#text-3913491096 {\n  text-align: center;\n  color: rgb(0,0,0);\n}\n#text-3913491096 > * {\n  color: rgb(0,0,0);\n}\n<\/style>\n\t<\/div>\n\t\n\n\t\t<\/div>\n\t\t\t\t\n<style>\n#col-654592574 > .col-inner {\n  padding: 5px 5px 5px 5px;\n}\n<\/style>\n\t<\/div>\n\n\t\n\n\t<div id=\"col-1691837178\" class=\"col medium-4 small-12 large-4\"  >\n\t\t\t\t<div class=\"col-inner\"  >\n\t\t\t\n\t\t\t\n\n\t<div id=\"text-4285756068\" class=\"text\">\n\t\t\n\n<h3 style=\"text-align: center;\">Sk\u00f6na S\u00f6ndag<\/h3>\n<p style=\"text-align: center;\">F\u00e4rnas sparitual \u00e4r en 1-2 timmars behandling som du g\u00f6r p\u00e5 egen hand. Ritualen inneh\u00e5ller mjukg\u00f6rande fotsalt,\u00a0 kroppsskrubb, ansiktsskrubb, ansiktsmask, bodyshower, kroppslotion samt en fotfil att ta med hem. Du f\u00e5r en spaguide som lotsar dig genom de tio stegen.\u00a0\u00a0<\/p>\n<p style=\"text-align: center;\">\u00a0\u2022 Spa-entr\u00e9 \u2022 Sparitual \u2022 Spasm\u00f6rg\u00e5s\u00a0<\/p>\n<p style=\"text-align: center;\">Det g\u00e5r bra att l\u00e4gga till en spabehandling om s\u00e5 \u00f6nskas.<\/p>\n<p style=\"text-align: center;\">\u00a0Bokningsbart: S\u00f6ndagar 09.00-14.00\u00a0<\/p>\n<p style=\"text-align: center;\">835 kr\/person<\/p>\n<p style=\"text-align: center;\"><strong><a href=\"https:\/\/online.bookvisit.com\/extras?channelId=8425ae22-eef7-419d-9f49-3aa935ffec22&amp;category=Se+alla+kategorier\" target=\"_blank\" rel=\"noopener\">BOKA &#8220;SK\u00d6NA S\u00d6NDAG&#8221; H\u00c4R<img loading=\"lazy\" decoding=\"async\" class=\"size-medium wp-image-3325 aligncenter\" src=\"https:\/\/farnaherrgard.se\/wp-content\/uploads\/2024\/04\/F3DCC218-84EF-46EE-A57B-ACF24C40D12D-240x300.jpg\" alt=\"\" width=\"240\" height=\"300\" srcset=\"https:\/\/farnaherrgard.se\/wp-content\/uploads\/2024\/04\/F3DCC218-84EF-46EE-A57B-ACF24C40D12D-240x300.jpg 240w, https:\/\/farnaherrgard.se\/wp-content\/uploads\/2024\/04\/F3DCC218-84EF-46EE-A57B-ACF24C40D12D.jpg 414w\" sizes=\"auto, (max-width: 240px) 100vw, 240px\" \/><\/a><\/strong><\/p>\n\t\t\n<style>\n#text-4285756068 {\n  text-align: center;\n  color: rgb(0,0,0);\n}\n#text-4285756068 > * {\n  color: rgb(0,0,0);\n}\n<\/style>\n\t<\/div>\n\t\n\n\t\t<\/div>\n\t\t\t\t\n<style>\n#col-1691837178 > .col-inner {\n  padding: 5px 5px 5px 5px;\n}\n<\/style>\n\t<\/div>\n\n\t\n\n\t<div id=\"col-1377341055\" class=\"col medium-4 small-12 large-4\"  >\n\t\t\t\t<div class=\"col-inner\"  >\n\t\t\t\n\t\t\t\n\n\t<div id=\"text-1444175637\" class=\"text\">\n\t\t\n\n<h3>Bara vara<\/h3>\n<p>Njut av v\u00e5rt spa och en h\u00e4rlig sparitual att g\u00f6ra sj\u00e4lv.<br \/>\u2022 Spa-entr\u00e9 \u2022 Sparitual<\/p>\n<p>F\u00e4rnas sparitual \u00e4r en 1-2 timmars behandling som gradvis l\u00e5ter kroppen v\u00e4nja sig vid kontrasterna av varmt och kallt. Ritualen inneh\u00e5ller mjukg\u00f6rande fotsalt,\u00a0 kroppsskrubb, ansiktsskrubb, ansiktsmask, body shower, kroppslotion samt en fotfil att ta med hem. Samarbetet med c\/o GERD ger dig ekologiska produkter och en spaguide som lotsar dig genom de tio stegen.<\/p>\n<p>M\u00e5ndag-torsdag 530 kr\/person<br \/>Fredag-s\u00f6ndag samt helgdagar 760 kr\/person<\/p>\n<p style=\"text-align: center;\"><strong><a href=\"https:\/\/online.bookvisit.com\/extras?channelId=8425ae22-eef7-419d-9f49-3aa935ffec22&amp;category=Se+alla+kategorier\" target=\"_blank\" rel=\"noopener\">BOKA &#8220;BARA VARA&#8221; H\u00c4R<\/a><\/strong><\/p>\n<p><img loading=\"lazy\" decoding=\"async\" class=\"size-medium wp-image-803 aligncenter\" src=\"https:\/\/farnaherrgard.se\/wp-content\/uploads\/2023\/01\/kompisspa_1-300x278.jpg\" alt=\"\" width=\"300\" height=\"278\" srcset=\"https:\/\/farnaherrgard.se\/wp-content\/uploads\/2023\/01\/kompisspa_1-300x278.jpg 300w, https:\/\/farnaherrgard.se\/wp-content\/uploads\/2023\/01\/kompisspa_1-768x713.jpg 768w, https:\/\/farnaherrgard.se\/wp-content\/uploads\/2023\/01\/kompisspa_1.jpg 960w\" sizes=\"auto, (max-width: 300px) 100vw, 300px\" \/><\/p>\n\t\t\n<style>\n#text-1444175637 {\n  text-align: center;\n  color: rgb(0, 0, 0);\n}\n#text-1444175637 > * {\n  color: rgb(0, 0, 0);\n}\n<\/style>\n\t<\/div>\n\t\n\n\t\t<\/div>\n\t\t\t\t\n<style>\n#col-1377341055 > .col-inner {\n  padding: 5% 5% 5% 5%;\n}\n<\/style>\n\t<\/div>\n\n\t\n\n\n\t<div id=\"col-474225310\" class=\"col medium-4 small-12 large-4\"  >\n\t\t\t\t<div class=\"col-inner\" style=\"background-color:rgb(255, 255, 255);\" >\n\t\t\t\n\t\t\t\n\n\t<div id=\"text-4224327868\" class=\"text\">\n\t\t\n\n<h3>Njuta vardag<\/h3>\n<p>Upplev v\u00e5rt spa p\u00e5 vardagen inklusive Herrg\u00e5rdslunch och en h\u00e4rlig 25-minuters behandling (v\u00e4lj mellan: spamassage, hotstone massage, ansiktskur, smedskrubben eller sk\u00f6na f\u00f6tter)<br \/>\u2022 Spa-entr\u00e9 \u2022 25 minuters behandling \u2022 Herrg\u00e5rdslunch<\/p>\n<p>M\u00e5ndag-torsdag 1165 kr\/person<br \/>Fredag 1225 kr\/person<\/p>\n<p>V\u00e4nligen s\u00e4nd in din boknings f\u00f6rfr\u00e5gan i formul\u00e4ret l\u00e4ngre ner p\u00e5 denna sida.<\/p>\n<p><img loading=\"lazy\" decoding=\"async\" class=\"size-medium wp-image-992 aligncenter\" src=\"https:\/\/farnaherrgard.se\/wp-content\/uploads\/2023\/01\/skrubb_spasvit-300x200.webp\" alt=\"\" width=\"300\" height=\"200\" srcset=\"https:\/\/farnaherrgard.se\/wp-content\/uploads\/2023\/01\/skrubb_spasvit-300x200.webp 300w, https:\/\/farnaherrgard.se\/wp-content\/uploads\/2023\/01\/skrubb_spasvit-1024x683.webp 1024w, https:\/\/farnaherrgard.se\/wp-content\/uploads\/2023\/01\/skrubb_spasvit-768x512.webp 768w, https:\/\/farnaherrgard.se\/wp-content\/uploads\/2023\/01\/skrubb_spasvit.webp 1500w\" sizes=\"auto, (max-width: 300px) 100vw, 300px\" \/><\/p>\n\t\t\n<style>\n#text-4224327868 {\n  text-align: center;\n  color: rgb(0, 0, 0);\n}\n#text-4224327868 > * {\n  color: rgb(0, 0, 0);\n}\n<\/style>\n\t<\/div>\n\t\n\n\t\t<\/div>\n\t\t\t\t\n<style>\n#col-474225310 > .col-inner {\n  padding: 5% 5% 5% 5%;\n}\n<\/style>\n\t<\/div>\n\n\t\n\n\t<div id=\"col-1539847732\" class=\"col medium-4 small-12 large-4\"  >\n\t\t\t\t<div class=\"col-inner\"  >\n\t\t\t\n\t\t\t\n\n\t<div id=\"text-2930958581\" class=\"text\">\n\t\t\n\n<h3>Rofylld vardag<\/h3>\n<p>Unna er en rofylld vardag med Herrg\u00e5rdslunch och en spasvit som ni har f\u00f6r er sj\u00e4lva.<br \/><em>\u2022\u00a0<\/em>Spa-entr\u00e9 \u2022 60 minuter spasvit f\u00f6r er sj\u00e4lva \u2022 Herrg\u00e5rdslunch (f\u00f6rr\u00e4tt, varmr\u00e4tt och s\u00f6tt till kaffet)<\/p>\n<p><strong>OBS! V\u00e5r Spasvit<span class=\"text-sm-e sm:text-base\">\u00a0renoveras<\/span> just nu s\u00e5 detta paket g\u00e5r ej att boka f\u00f6rr\u00e4n i b\u00f6rjan av 2026.<\/strong><\/p>\n<p>M\u00e5ndag-torsdag 1065 kr\/person<br \/>Fredag 1125 kr\/person<\/p>\n<p>V\u00e4nligen s\u00e4nd in din boknings f\u00f6rfr\u00e5gan i formul\u00e4ret l\u00e4ngre ner p\u00e5 denna sida.<\/p>\n<p><img loading=\"lazy\" decoding=\"async\" class=\"size-medium wp-image-991 aligncenter\" src=\"https:\/\/farnaherrgard.se\/wp-content\/uploads\/2023\/01\/spasvit_header-300x168.webp\" alt=\"\" width=\"300\" height=\"168\" srcset=\"https:\/\/farnaherrgard.se\/wp-content\/uploads\/2023\/01\/spasvit_header-300x168.webp 300w, https:\/\/farnaherrgard.se\/wp-content\/uploads\/2023\/01\/spasvit_header-1024x574.webp 1024w, https:\/\/farnaherrgard.se\/wp-content\/uploads\/2023\/01\/spasvit_header-768x431.webp 768w, https:\/\/farnaherrgard.se\/wp-content\/uploads\/2023\/01\/spasvit_header-1536x862.webp 1536w, https:\/\/farnaherrgard.se\/wp-content\/uploads\/2023\/01\/spasvit_header.webp 2000w\" sizes=\"auto, (max-width: 300px) 100vw, 300px\" \/><\/p>\n\t\t\n<style>\n#text-2930958581 {\n  text-align: center;\n  color: rgb(0, 0, 0);\n}\n#text-2930958581 > * {\n  color: rgb(0, 0, 0);\n}\n<\/style>\n\t<\/div>\n\t\n\n\t\t<\/div>\n\t\t\t\t\n<style>\n#col-1539847732 > .col-inner {\n  padding: 5% 5% 5% 5%;\n}\n<\/style>\n\t<\/div>\n\n\t\n\n\t<div id=\"col-771597473\" class=\"col medium-4 small-12 large-4\"  >\n\t\t\t\t<div class=\"col-inner\"  >\n\t\t\t\n\t\t\t\n\n\t<div id=\"text-2192051445\" class=\"text\">\n\t\t\n\n<h3>Sk\u00f6na helg<\/h3>\n<p>H\u00e4r f\u00e5r ni njuta i lugn och ro av v\u00e5rt spa och en h\u00e4rlig 25 minuters behandling (v\u00e4lj mellan: spamassage, hotstonemassage, ansiktskur, smedskrubben eller sk\u00f6na f\u00f6tter)<br \/>\u2022 Spa-entr\u00e9 \u2022 25 minuters behandling<\/p>\n<p>L\u00f6rdag-s\u00f6ndag samt helgdagar 1090 kr\/person<\/p>\n<p>V\u00e4nligen s\u00e4nd in din boknings f\u00f6rfr\u00e5gan i formul\u00e4ret l\u00e4ngre ner p\u00e5 denna sida.<\/p>\n<p><img loading=\"lazy\" decoding=\"async\" class=\"size-medium wp-image-850 aligncenter\" src=\"https:\/\/farnaherrgard.se\/wp-content\/uploads\/2023\/01\/dagspabild-300x278.jpg\" alt=\"\" width=\"300\" height=\"278\" srcset=\"https:\/\/farnaherrgard.se\/wp-content\/uploads\/2023\/01\/dagspabild-300x278.jpg 300w, https:\/\/farnaherrgard.se\/wp-content\/uploads\/2023\/01\/dagspabild.jpg 640w\" sizes=\"auto, (max-width: 300px) 100vw, 300px\" \/><\/p>\n\t\t\n<style>\n#text-2192051445 {\n  text-align: center;\n  color: rgb(0, 0, 0);\n}\n#text-2192051445 > * {\n  color: rgb(0, 0, 0);\n}\n<\/style>\n\t<\/div>\n\t\n\n\t\t<\/div>\n\t\t\t\t\n<style>\n#col-771597473 > .col-inner {\n  padding: 5% 5% 5% 5%;\n}\n<\/style>\n\t<\/div>\n\n\t\n\n\t<div id=\"col-2093477574\" class=\"col medium-4 small-12 large-4\"  >\n\t\t\t\t<div class=\"col-inner\" style=\"background-color:rgb(255,255,255);\" >\n\t\t\t\n\t\t\t\n\n\t<div id=\"text-3184350635\" class=\"text\">\n\t\t\n\n<h3>Ljuva helg<\/h3>\n<p>Unna er en ljuvlig spadag med egen spasvit f\u00f6r er sj\u00e4lva.<\/p>\n<p><em>\u2022\u00a0<\/em>Spa-entr\u00e9 \u2022 60 minuter spasvit f\u00f6r er sj\u00e4lva \u2022 F\u00e4rnadryck och frukt<\/p>\n<p><strong>OBS! V\u00e5r Spasvit<span class=\"text-sm-e sm:text-base\">\u00a0renoveras<\/span> just nu s\u00e5 detta paket g\u00e5r ej att boka f\u00f6rr\u00e4n i b\u00f6rjan av 2026.<\/strong><\/p>\n<p>L\u00f6rdag-s\u00f6ndag samt helgdagar 990 kr\/person<\/p>\n<p>V\u00e4nligen s\u00e4nd in din boknings f\u00f6rfr\u00e5gan i formul\u00e4ret l\u00e4ngre ner p\u00e5 denna sida.<\/p>\n<p><img loading=\"lazy\" decoding=\"async\" class=\"size-medium wp-image-271 aligncenter\" src=\"https:\/\/farnaherrgard.se\/wp-content\/uploads\/2023\/01\/Spa_suite_farnaherrgard-300x200.webp\" alt=\"\" width=\"300\" height=\"200\" srcset=\"https:\/\/farnaherrgard.se\/wp-content\/uploads\/2023\/01\/Spa_suite_farnaherrgard-300x200.webp 300w, https:\/\/farnaherrgard.se\/wp-content\/uploads\/2023\/01\/Spa_suite_farnaherrgard-1024x683.webp 1024w, https:\/\/farnaherrgard.se\/wp-content\/uploads\/2023\/01\/Spa_suite_farnaherrgard-768x512.webp 768w, https:\/\/farnaherrgard.se\/wp-content\/uploads\/2023\/01\/Spa_suite_farnaherrgard.webp 1200w\" sizes=\"auto, (max-width: 300px) 100vw, 300px\" \/><\/p>\n\t\t\n<style>\n#text-3184350635 {\n  text-align: center;\n  color: rgb(0, 0, 0);\n}\n#text-3184350635 > * {\n  color: rgb(0, 0, 0);\n}\n<\/style>\n\t<\/div>\n\t\n\n\t\t<\/div>\n\t\t\t\t\n<style>\n#col-2093477574 > .col-inner {\n  padding: 5% 5% 5% 5%;\n}\n<\/style>\n\t<\/div>\n\n\t\n\n\t<div id=\"col-271556446\" class=\"col medium-4 small-12 large-4\"  >\n\t\t\t\t<div class=\"col-inner\"  >\n\t\t\t\n\t\t\t\n\n\t<div id=\"text-1177538785\" class=\"text\">\n\t\t\n\n<h3>Familjespa<\/h3>\n<p>Entr\u00e9 till F\u00e4rna spa, ett spakit att g\u00f6ra sj\u00e4lv och spa-sviten alldeles f\u00f6r er sj\u00e4lva i 60 minuter inkl. F\u00e4rnadryck och frukt.<\/p>\n<p><strong>OBS! V\u00e5r Spasvit<span class=\"text-sm-e sm:text-base\">\u00a0renoveras<\/span> just nu s\u00e5 detta paket g\u00e5r ej att boka f\u00f6rr\u00e4n i b\u00f6rjan av 2026.<\/strong><\/p>\n<p>Tisdag-torsdag 1 400 kr<br \/>Fredag-s\u00f6ndag samt helgdagar 1 650 kr<\/p>\n<p>Priserna g\u00e4ller f\u00f6r en vuxen och ett barn mellan 4-12 \u00e5r under v\u00e5ra barntider kl. 9-11.30<br \/>Extra person: vuxen 800 kr vardag\/950 kr helg, barn 600 kr vardag\/700 kr helg<\/p>\n<p>V\u00e4nligen s\u00e4nd in din boknings f\u00f6rfr\u00e5gan i formul\u00e4ret l\u00e4ngre ner p\u00e5 denna sida.<\/p>\n<p><img loading=\"lazy\" decoding=\"async\" class=\"size-medium wp-image-429 aligncenter\" src=\"https:\/\/farnaherrgard.se\/wp-content\/uploads\/2023\/01\/spa-header-300x225.webp\" alt=\"\" width=\"300\" height=\"225\" srcset=\"https:\/\/farnaherrgard.se\/wp-content\/uploads\/2023\/01\/spa-header-300x225.webp 300w, https:\/\/farnaherrgard.se\/wp-content\/uploads\/2023\/01\/spa-header-1024x768.webp 1024w, https:\/\/farnaherrgard.se\/wp-content\/uploads\/2023\/01\/spa-header-768x576.webp 768w, https:\/\/farnaherrgard.se\/wp-content\/uploads\/2023\/01\/spa-header-1536x1152.webp 1536w, https:\/\/farnaherrgard.se\/wp-content\/uploads\/2023\/01\/spa-header.webp 2000w\" sizes=\"auto, (max-width: 300px) 100vw, 300px\" \/><\/p>\n\t\t\n<style>\n#text-1177538785 {\n  text-align: center;\n  color: rgb(0, 0, 0);\n}\n#text-1177538785 > * {\n  color: rgb(0, 0, 0);\n}\n<\/style>\n\t<\/div>\n\t\n\n\t\t<\/div>\n\t\t\t\t\n<style>\n#col-271556446 > .col-inner {\n  padding: 5% 5% 5% 5%;\n}\n<\/style>\n\t<\/div>\n\n\t\n\n\n<style>\n#row-1376244741 > .col > .col-inner {\n  background-color: rgb(255, 255, 255);\n}\n<\/style>\n<\/div>\n\t<div id=\"text-79941800\" class=\"text\">\n\t\t\n\n<p><em>*Dagspa kan ej bokas m\u00e5ndag f\u00f6rmiddag eller s\u00f6ndag eftermiddag.<br \/><\/em><\/p>\n\t\t\n<style>\n#text-79941800 {\n  text-align: center;\n  color: rgb(1, 0, 0);\n}\n#text-79941800 > * {\n  color: rgb(1, 0, 0);\n}\n<\/style>\n\t<\/div>\n\t\n\n\t\t<\/div>\n\n\t\t\n<style>\n#section_1092752075 {\n  padding-top: 30px;\n  padding-bottom: 30px;\n  background-color: rgb(238, 232, 228);\n}\n<\/style>\n\t<\/section>\n\t\n<span class=\"scroll-to\" data-label=\"Scroll to: #bokningsformular\" data-bullet=\"false\" data-link=\"#bokningsformular\" data-title=\"Change this\"><a name=\"bokningsformular\"><\/a><\/span>\n\n\n\t<section class=\"section\" id=\"section_1651873008\">\n\t\t<div class=\"section-bg fill\" >\n\t\t\t\t\t\t\t\t\t\n\t\t\t\n\n\t\t<\/div>\n\n\t\t\n\n\t\t<div class=\"section-content relative\">\n\t\t\t\n\n<div class=\"row\"  id=\"row-216789821\">\n\n\n\t<div id=\"col-1737414962\" class=\"col medium-8 small-12 large-8\"  >\n\t\t\t\t<div class=\"col-inner\"  >\n\t\t\t\n\t\t\t\n\n<h2>Bokningsf\u00f6rfr\u00e5gan<\/h2>\n\n<div class=\"wpcf7 no-js\" id=\"wpcf7-f2333-o1\" lang=\"en-US\" dir=\"ltr\" data-wpcf7-id=\"2333\">\n<div class=\"screen-reader-response\"><p role=\"status\" aria-live=\"polite\" aria-atomic=\"true\"><\/p> <ul><\/ul><\/div>\n<form action=\"\/en\/wp-json\/wp\/v2\/pages\/2209#wpcf7-f2333-o1\" method=\"post\" class=\"wpcf7-form init\" aria-label=\"Contact form\" novalidate=\"novalidate\" data-status=\"init\">\n<fieldset class=\"hidden-fields-container\"><input type=\"hidden\" name=\"_wpcf7\" value=\"2333\" \/><input type=\"hidden\" name=\"_wpcf7_version\" value=\"6.1.5\" \/><input type=\"hidden\" name=\"_wpcf7_locale\" value=\"en_US\" \/><input type=\"hidden\" name=\"_wpcf7_unit_tag\" value=\"wpcf7-f2333-o1\" \/><input type=\"hidden\" name=\"_wpcf7_container_post\" value=\"0\" \/><input type=\"hidden\" name=\"_wpcf7_posted_data_hash\" value=\"\" \/>\n<\/fieldset>\n<input type=\"hidden\" name=\"page-title\" value=\"Day spa\" \/><input type=\"hidden\" name=\"page-url\" value=\"https:\/\/farnaherrgard.se\/en\/spa\/day-spa\/\" \/>\n<div class=\"row align-bottom\">\n  <div class=\"col large-4 medium-6 small-6\">\n    <p>Arrival date<\/p>\n    <span class=\"wpcf7-form-control-wrap\" data-name=\"ankomstdatum\"><input class=\"wpcf7-form-control wpcf7-date wpcf7-validates-as-required wpcf7-validates-as-date\" aria-required=\"true\" aria-invalid=\"false\" placeholder=\"\" value=\"\" type=\"date\" name=\"ankomstdatum\" \/><\/span>\n  <\/div>\n  <div class=\"col large-4 medium-6 small-6\">\n    <p>Departure date<\/p>\n    <span class=\"wpcf7-form-control-wrap\" data-name=\"avresedatum\"><input class=\"wpcf7-form-control wpcf7-date wpcf7-validates-as-required wpcf7-validates-as-date\" aria-required=\"true\" aria-invalid=\"false\" value=\"\" type=\"date\" name=\"avresedatum\" \/><\/span>\n  <\/div>\n  <div class=\"col large-4 medium-6 small-12\">\n    <span class=\"wpcf7-form-control-wrap\" data-name=\"antal-personer\"><input class=\"wpcf7-form-control wpcf7-number wpcf7-validates-as-required wpcf7-validates-as-number\" min=\"1\" max=\"99\" aria-required=\"true\" aria-invalid=\"false\" placeholder=\"Number of people\" value=\"\" type=\"number\" name=\"antal-personer\" \/><\/span>\n  <\/div>\n  <div class=\"col large-6 medium-6 small-12\">\n    <span class=\"wpcf7-form-control-wrap\" data-name=\"foretag-org\"><input size=\"40\" maxlength=\"400\" class=\"wpcf7-form-control wpcf7-text\" aria-invalid=\"false\" placeholder=\"Company \/ organization (optional)\" value=\"\" type=\"text\" name=\"foretag-org\" \/><\/span>\n  <\/div>\n  <div class=\"col large-6 medium-12 small-12\">\n    <span class=\"wpcf7-form-control-wrap\" data-name=\"namn\"><input size=\"40\" maxlength=\"400\" class=\"wpcf7-form-control wpcf7-text wpcf7-validates-as-required\" aria-required=\"true\" aria-invalid=\"false\" placeholder=\"First and last name\" value=\"\" type=\"text\" name=\"namn\" \/><\/span>\n  <\/div>\n  <div class=\"col large-6 medium-6 small-12\">\n    <span class=\"wpcf7-form-control-wrap\" data-name=\"epost\"><input size=\"40\" maxlength=\"400\" class=\"wpcf7-form-control wpcf7-email wpcf7-validates-as-required wpcf7-text wpcf7-validates-as-email\" aria-required=\"true\" aria-invalid=\"false\" placeholder=\"Email address\" value=\"\" type=\"email\" name=\"epost\" \/><\/span>\n  <\/div>\n  <div class=\"col large-6 medium-6 small-12\">\n    <span class=\"wpcf7-form-control-wrap\" data-name=\"telefon\"><input size=\"40\" maxlength=\"400\" class=\"wpcf7-form-control wpcf7-tel wpcf7-validates-as-required wpcf7-text wpcf7-validates-as-tel\" aria-required=\"true\" aria-invalid=\"false\" placeholder=\"Phone\" value=\"\" type=\"tel\" name=\"telefon\" \/><\/span>\n  <\/div>\n  <div class=\"col large-12 medium-12 small-12 kropp-select\">\n    <span class=\"wpcf7-form-control-wrap\" data-name=\"kropp-select\"><select class=\"wpcf7-form-control wpcf7-select\" aria-invalid=\"false\" name=\"kropp-select\"><option value=\"\">Choose treatment<\/option><option value=\"F\u00e4rna\u2019s delight\">F\u00e4rna\u2019s delight<\/option><option value=\"F\u00e4rna\u2019s Best\">F\u00e4rna\u2019s Best<\/option><option value=\"The blacksmith scrub\">The blacksmith scrub<\/option><option value=\"Peace of mind\">Peace of mind<\/option><option value=\"Mother Earth\">Mother Earth<\/option><option value=\"The peace of the forest\">The peace of the forest<\/option><option value=\"Primal power\">Primal power<\/option><option value=\"Gorgeous\">Gorgeous<\/option><\/select><\/span>\n  <\/div>\n  <div class=\"col large-12 medium-12 small-12 massage-select\">\n    <span class=\"wpcf7-form-control-wrap\" data-name=\"massage-select\"><select class=\"wpcf7-form-control wpcf7-select\" aria-invalid=\"false\" name=\"massage-select\"><option value=\"\">Choose treatment<\/option><option value=\"Hotstone Massage\">Hotstone Massage<\/option><option value=\"Spa massage\">Spa massage<\/option><option value=\"Classic, deep massage\">Classic, deep massage<\/option><option value=\"Addition\">Addition<\/option><\/select><\/span>\n  <\/div>\n  <div class=\"col large-12 medium-12 small-12 ansikte-select\">\n    <span class=\"wpcf7-form-control-wrap\" data-name=\"ansikte-select\"><select class=\"wpcf7-form-control wpcf7-select\" aria-invalid=\"false\" name=\"ansikte-select\"><option value=\"\">Choose treatment<\/option><option value=\"F\u00e4rna\u2019s signature face\">F\u00e4rna\u2019s signature face<\/option><option value=\"Classic face\">Classic face<\/option><option value=\"Facial treatment\">Facial treatment<\/option><option value=\"Lash and brow tinting\">Lash and brow tinting<\/option><\/select><\/span>\n  <\/div>\n  <div class=\"col large-12 medium-12 small-12 duo-select\">\n    <span class=\"wpcf7-form-control-wrap\" data-name=\"duo-select\"><select class=\"wpcf7-form-control wpcf7-select\" aria-invalid=\"false\" name=\"duo-select\"><option value=\"\">Choose treatment<\/option><option value=\"Peace of mind duo\">Peace of mind duo<\/option><option value=\"Beautiful feet duo\">Beautiful feet duo<\/option><option value=\"Body and bud duo\">Body and bud duo<\/option><option value=\"The forest duo\">The forest duo<\/option><\/select><\/span>\n  <\/div>\n  <div class=\"col large-12 medium-12 small-12 hander-fotter-select\">\n    <span class=\"wpcf7-form-control-wrap\" data-name=\"hander-fotter-select\"><select class=\"wpcf7-form-control wpcf7-select\" aria-invalid=\"false\" name=\"hander-fotter-select\"><option value=\"\">Choose treatment<\/option><option value=\"Manicure\">Manicure<\/option><option value=\"Beautiful feet\">Beautiful feet<\/option><option value=\"Pedicure\">Pedicure<\/option><\/select><\/span>\n  <\/div>\n  <div class=\"col large-12 medium-12 small-12 fransar-bryn-select\">\n    <span class=\"wpcf7-form-control-wrap\" data-name=\"fransar-bryn-select\"><select class=\"wpcf7-form-control wpcf7-select\" aria-invalid=\"false\" name=\"fransar-bryn-select\"><option value=\"\">Choose treatment<\/option><option value=\"Brow picking\">Brow picking<\/option><option value=\"Eyelash coloring\">Eyelash coloring<\/option><option value=\"Brow or lash coloring incl. picking\">Brow or lash coloring incl. picking<\/option><option value=\"Brows and lash coloring incl. picking 35 min\">Brows and lash coloring incl. picking 35 min<\/option><\/select><\/span>\n  <\/div>\n  <div class=\"col large-12 medium-12 small-12 barn-select\">\n    <span class=\"wpcf7-form-control-wrap\" data-name=\"barn-select\"><select class=\"wpcf7-form-control wpcf7-select\" aria-invalid=\"false\" name=\"barn-select\"><option value=\"\">Choose treatment<\/option><option value=\"Mini age 6-8 years\">Mini age 6-8 years<\/option><option value=\"Junior age 9-12 years\">Junior age 9-12 years<\/option><option value=\"F\u00e4rna\u2019s little one\">F\u00e4rna\u2019s little one<\/option><option value=\"Family spa\">Family spa<\/option><\/select><\/span>\n  <\/div>\n  <div class=\"col large-12 medium-12 small-12 dagspa-select\">\n    <span class=\"wpcf7-form-control-wrap\" data-name=\"dagspa-select\"><select class=\"wpcf7-form-control wpcf7-select\" aria-invalid=\"false\" name=\"dagspa-select\"><option value=\"\">Choose type<\/option><option value=\"Just be\">Just be<\/option><option value=\"Enjoy, day spa\">Enjoy, day spa<\/option><option value=\"Serene, day spa\">Serene, day spa<\/option><option value=\"Wonderful Weekend, day spa\">Wonderful Weekend, day spa<\/option><option value=\"Lovely weekend\">Lovely weekend<\/option><option value=\"Family spa\">Family spa<\/option><\/select><\/span>\n  <\/div>\n  <div class=\"col large-12 medium-12 small-12 tillval-select\">\n    <span class=\"wpcf7-form-control-wrap\" data-name=\"tillval-select\"><select class=\"wpcf7-form-control wpcf7-select\" aria-invalid=\"false\" name=\"tillval-select\"><option value=\"\">Choose additions<\/option><option value=\"Champagne &amp; truffles\">Champagne &amp; truffles<\/option><option value=\"Cheese &amp; wine\">Cheese &amp; wine<\/option><option value=\"Wine &amp; truffles\">Wine &amp; truffles<\/option><option value=\"Beer &amp; roasted almonds\">Beer &amp; roasted almonds<\/option><option value=\"Wine &amp; roasted almonds\">Wine &amp; roasted almonds<\/option><\/select><\/span>\n  <\/div>\n  <div class=\"col large-12 medium-12 small-12\">\n    <span class=\"wpcf7-form-control-wrap\" data-name=\"meddelande\"><textarea cols=\"40\" rows=\"2\" maxlength=\"2000\" class=\"wpcf7-form-control wpcf7-textarea\" id=\"contact-message\" aria-invalid=\"false\" placeholder=\"Do you have any requests or questions? Please specify. Also provide any booking number.\" name=\"meddelande\"><\/textarea><\/span>\n    <input class=\"wpcf7-form-control wpcf7-submit has-spinner\" type=\"submit\" value=\"Send\" \/>\n  <\/div>\n<\/div><div class=\"wpcf7-response-output\" aria-hidden=\"true\"><\/div>\n<\/form>\n<\/div>\n\n\n\n\t\t<\/div>\n\t\t\t\t\t<\/div>\n\n\t\n\n\t<div id=\"col-1744415262\" class=\"col medium-4 small-12 large-4\"  >\n\t\t\t\t<div class=\"col-inner\"  >\n\t\t\t\n\t\t\t\n\n\n\t\t<\/div>\n\t\t\t\t\t<\/div>\n\n\t\n\n<\/div>\n\n\t\t<\/div>\n\n\t\t\n<style>\n#section_1651873008 {\n  padding-top: 60px;\n  padding-bottom: 60px;\n}\n<\/style>\n\t<\/section>\n\t\n\n\t<section class=\"section col-section has-parallax\" id=\"section_224129040\">\n\t\t<div class=\"section-bg fill\" data-parallax-container=\".section\" data-parallax-background data-parallax=\"-8\">\n\t\t\t<img loading=\"lazy\" decoding=\"async\" width=\"1920\" height=\"1280\" src=\"https:\/\/farnaherrgard.se\/wp-content\/uploads\/2023\/01\/behandling.webp\" class=\"bg attachment-original size-original\" alt=\"\" \/>\t\t\t\t\t\t<div class=\"section-bg-overlay absolute fill\"><\/div>\n\t\t\t\n\n\t\t<\/div>\n\n\t\t\n\n\t\t<div class=\"section-content relative\">\n\t\t\t\n\n<div class=\"row align-middle\"  id=\"row-1428285430\">\n\n\n\t<div id=\"col-57789127\" class=\"col text-column medium-12 small-12 large-5\"  data-animate=\"fadeInRight\">\n\t\t\t\t<div class=\"col-inner\"  >\n\t\t\t\n\t\t\t\n\n\t<div id=\"text-2236148443\" class=\"text\">\n\t\t\n\n<h2>Behandlingar<\/h2>\n<p>Oavsett vilken behandling du v\u00e4ljer, kan du vara s\u00e4ker p\u00e5 att du kommer att bli ompysslad och v\u00e4l omh\u00e4ndertagen av F\u00e4rna Herrg\u00e5rds duktiga personal. Unna dig en riktigt sk\u00f6n spabehandling i en vacker och avkopplande milj\u00f6.<\/p>\n\t\t\n<style>\n#text-2236148443 {\n  color: rgb(255, 255, 255);\n}\n#text-2236148443 > * {\n  color: rgb(255, 255, 255);\n}\n<\/style>\n\t<\/div>\n\t\n<a href=\"https:\/\/farnaherrgard.se\/spa\/behandlingar\/\" class=\"button secondary lowercase farna-btn\">\n\t\t<span>L\u00e4s mer om v\u00e5ra behandlingar<\/span>\n\t<\/a>\n\n\n\n\t\t<\/div>\n\t\t\t\t\t<\/div>\n\n\t\n\n<\/div>\n\n\t\t<\/div>\n\n\t\t\n<style>\n#section_224129040 {\n  padding-top: 30px;\n  padding-bottom: 30px;\n  background-color: rgb(238, 232, 228);\n}\n#section_224129040 .section-bg-overlay {\n  background-color: rgba(0, 0, 0, 0.5);\n}\n#section_224129040 .section-bg img {\n  object-position: 61% 6%;\n}\n<\/style>\n\t<\/section>\n\t\n\n","protected":false},"excerpt":{"rendered":"","protected":false},"author":1,"featured_media":0,"parent":2200,"menu_order":1,"comment_status":"closed","ping_status":"closed","template":"page-blank.php","meta":{"_acf_changed":false,"footnotes":""},"class_list":["post-2209","page","type-page","status-publish","hentry"],"acf":[],"_links":{"self":[{"href":"https:\/\/farnaherrgard.se\/en\/wp-json\/wp\/v2\/pages\/2209","targetHints":{"allow":["GET"]}}],"collection":[{"href":"https:\/\/farnaherrgard.se\/en\/wp-json\/wp\/v2\/pages"}],"about":[{"href":"https:\/\/farnaherrgard.se\/en\/wp-json\/wp\/v2\/types\/page"}],"author":[{"embeddable":true,"href":"https:\/\/farnaherrgard.se\/en\/wp-json\/wp\/v2\/users\/1"}],"replies":[{"embeddable":true,"href":"https:\/\/farnaherrgard.se\/en\/wp-json\/wp\/v2\/comments?post=2209"}],"version-history":[{"count":39,"href":"https:\/\/farnaherrgard.se\/en\/wp-json\/wp\/v2\/pages\/2209\/revisions"}],"predecessor-version":[{"id":5689,"href":"https:\/\/farnaherrgard.se\/en\/wp-json\/wp\/v2\/pages\/2209\/revisions\/5689"}],"up":[{"embeddable":true,"href":"https:\/\/farnaherrgard.se\/en\/wp-json\/wp\/v2\/pages\/2200"}],"wp:attachment":[{"href":"https:\/\/farnaherrgard.se\/en\/wp-json\/wp\/v2\/media?parent=2209"}],"curies":[{"name":"wp","href":"https:\/\/api.w.org\/{rel}","templated":true}]}}